{"id":627,"date":"2025-10-07T21:52:26","date_gmt":"2025-10-07T21:52:26","guid":{"rendered":"https:\/\/mc.korty.org\/?page_id=627"},"modified":"2025-10-08T10:11:04","modified_gmt":"2025-10-08T10:11:04","slug":"mazowsze-cup-u14-14","status":"publish","type":"page","link":"https:\/\/mc.korty.org\/?page_id=627","title":{"rendered":"Mazowsze Cup U14"},"content":{"rendered":"<style>\n  .entry-content button,\n  .entry-content .wp-block-button__link {\n    margin-bottom: 2px;\n    display: inline-block; \n  }\n  .h4 { color: brown; }\n<\/style>\n<p><a href=\"#wyniki-chlopcy\"><button>CH14<\/button><\/a> <a href=\"#wyniki-dziewczeta\"><button>DZ14<\/button><\/a><\/p>\n<p><strong>Termin<\/strong>: 05.10.2025<br \/>\n<strong>Korty:<\/strong> Klub Tenisowy Break<\/p>\n<p><!-- START: Ch\u0142opcy --><\/p>\n<h3 id=\"wyniki-chlopcy\">\ud83d\udc66 Ch\u0142opcy U14<\/h3>\n<h4>Faza grupowa<\/h4>\n<h5>Grupa A<\/h5>\n<table aria-label=\"Grupa A ch\u0142opcy U16\">\n<tbody>\n<tr>\n<td>Stefan Guzi\u0144ski<\/td>\n<td>\u0141ukasz Gawro\u0144ski<\/td>\n<td>6\/0<\/td>\n<\/tr>\n<tr>\n<td>Adam Jobda<\/td>\n<td>\u0141ukasz Gawro\u0144ski<\/td>\n<td>6\/0<\/td>\n<\/tr>\n<tr>\n<td>Stefan Guzi\u0144ski<\/td>\n<td>Adam Jobda<\/td>\n<td>6\/2<\/td>\n<\/tr>\n<\/tbody>\n<\/table>\n<h5>Grupa B<\/h5>\n<table aria-label=\"Grupa B ch\u0142opcy U16\">\n<tbody>\n<tr>\n<td>Kamil Grodzki<\/td>\n<td>Jan Oleksiak<\/td>\n<td>6\/0<\/td>\n<\/tr>\n<tr>\n<td>Julian Stefaniuk<\/td>\n<td>Jan Oleksiak<\/td>\n<td>6\/3<\/td>\n<\/tr>\n<tr>\n<td>Kamil Grodzki<\/td>\n<td>Julian Stefaniuk<\/td>\n<td>6\/0<\/td>\n<\/tr>\n<\/tbody>\n<\/table>\n<h5>Grupa C<\/h5>\n<table aria-label=\"Grupa C ch\u0142opcy U16\">\n<tbody>\n<tr>\n<td>Ignacy Gwia\u017adzi\u0144ski<\/td>\n<td>Aleksander B\u0105k<\/td>\n<td>6\/2<\/td>\n<\/tr>\n<tr>\n<td>Fabian Szczepkowski<\/td>\n<td>Aleksander B\u0105k<\/td>\n<td>6\/2<\/td>\n<\/tr>\n<tr>\n<td>Ignacy Gwia\u017adzi\u0144ski<\/td>\n<td>Fabian Szczepkowski<\/td>\n<td>6\/1<\/td>\n<\/tr>\n<\/tbody>\n<\/table>\n<h5>Grupa D<\/h5>\n<table aria-label=\"Grupa D ch\u0142opcy U16\">\n<tbody>\n<tr>\n<td>Bruno Borkowski<\/td>\n<td>Wiktor \u0141ady\u017cy\u0144ski<\/td>\n<td>6\/0<\/td>\n<\/tr>\n<tr>\n<td>Krzysztof Kucharski<\/td>\n<td>Wiktor \u0141ady\u017cy\u0144ski<\/td>\n<td>6\/4<\/td>\n<\/tr>\n<tr>\n<td>Bruno Borkowski<\/td>\n<td>Krzysztof Kucharski<\/td>\n<td>6\/1<\/td>\n<\/tr>\n<\/tbody>\n<\/table>\n<h5>Grupa E<\/h5>\n<table aria-label=\"Grupa E ch\u0142opcy U16\">\n<tbody>\n<tr>\n<td>Ignacy Markowski<\/td>\n<td>Kornel Wnuk<\/td>\n<td>6\/0<\/td>\n<\/tr>\n<tr>\n<td>Ignacy Markowski<\/td>\n<td>Marcel Kosiec<\/td>\n<td>6\/3<\/td>\n<\/tr>\n<tr>\n<td>Marcel Kosiec<\/td>\n<td>Kornel Wnuk<\/td>\n<td>6\/1<\/td>\n<\/tr>\n<\/tbody>\n<\/table>\n<h4>Faza pucharowa<\/h4>\n<h5>\u0106wier\u0107fina\u0142y<\/h5>\n<table aria-label=\"\u0106wier\u0107fina\u0142y ch\u0142opcy U16\">\n<tbody>\n<tr>\n<td>Aleksander B\u0105k<\/td>\n<td>Stefan Guzi\u0144ski<\/td>\n<td>6\/2<\/td>\n<\/tr>\n<tr>\n<td>Ignacy Gwia\u017adzi\u0144ski<\/td>\n<td>Marcel Kosiec<\/td>\n<td>6\/2<\/td>\n<\/tr>\n<tr>\n<td>Ignacy Markowski<\/td>\n<td>Bruno Borkowski<\/td>\n<td>6\/2<\/td>\n<\/tr>\n<tr>\n<td>Kamil Grodzki<\/td>\n<td>Adam Jobda<\/td>\n<td>7\/5<\/td>\n<\/tr>\n<\/tbody>\n<\/table>\n<h5>P\u00f3\u0142fina\u0142y<\/h5>\n<table aria-label=\"P\u00f3\u0142fina\u0142y ch\u0142opcy U16\">\n<tbody>\n<tr>\n<td>Ignacy Gwia\u017adzi\u0144ski<\/td>\n<td>Aleksander B\u0105k<\/td>\n<td>6\/2<\/td>\n<\/tr>\n<tr>\n<td>Ignacy Markowski<\/td>\n<td>Kamil Grodzki<\/td>\n<td>7\/6<\/td>\n<\/tr>\n<\/tbody>\n<\/table>\n<h5>Fina\u0142<\/h5>\n<table aria-label=\"Fina\u0142 ch\u0142opcy U16\">\n<tbody>\n<tr>\n<td><strong>Ignacy Gwia\u017adzi\u0144ski<\/strong><\/td>\n<td>Ignacy Markowski<\/td>\n<td>6\/2<\/td>\n<\/tr>\n<\/tbody>\n<\/table>\n<p><!-- START: Dziewcz\u0119ta --><\/p>\n<h3 id=\"wyniki-dziewczeta\">\ud83d\udc67 Dziewcz\u0119ta U14<\/h3>\n<h4>Rozgrywki grupowe<\/h4>\n<table aria-label=\"Grupa A dziewcz\u0119ta U16\">\n<tbody>\n<tr>\n<td><strong>Dominika Cibor<\/strong><\/td>\n<td>Zofia Woszczyk-Rozwadowska<\/td>\n<td>6\/2<\/td>\n<\/tr>\n<tr>\n<td><strong>Dominika Cibor<\/strong><\/td>\n<td>Rita Ptasi\u0144ska<\/td>\n<td>6\/2<\/td>\n<\/tr>\n<tr>\n<td>Rita Ptasi\u0144ska<\/td>\n<td>Zofia Woszczyk-Rozwadowska<\/td>\n<td>6\/1<\/td>\n<\/tr>\n<\/tbody>\n<\/table>\n","protected":false},"excerpt":{"rendered":"<p>CH14 DZ14 Termin: 05.10.2025 Korty: Klub Tenisowy Break \ud83d\udc66 Ch\u0142opcy U14 Faza grupowa Grupa A Stefan Guzi\u0144ski \u0141ukasz Gawro\u0144ski 6\/0 Adam Jobda \u0141ukasz Gawro\u0144ski 6\/0 Stefan Guzi\u0144ski Adam Jobda 6\/2 Grupa B Kamil Grodzki Jan Oleksiak 6\/0 Julian Stefaniuk Jan Oleksiak 6\/3 Kamil Grodzki Julian Stefaniuk 6\/0 Grupa C Ignacy Gwia\u017adzi\u0144ski Aleksander B\u0105k 6\/2 Fabian &#8230; <a title=\"Mazowsze Cup U14\" class=\"read-more\" href=\"https:\/\/mc.korty.org\/?page_id=627\" aria-label=\"Read more about Mazowsze Cup U14\">Dowiedz si\u0119 wi\u0119cej<\/a><\/p>\n","protected":false},"author":1,"featured_media":0,"parent":0,"menu_order":0,"comment_status":"closed","ping_status":"closed","template":"","meta":{"footnotes":""},"class_list":["post-627","page","type-page","status-publish"],"yoast_head":"<!-- This site is optimized with the Yoast SEO plugin v23.5 - https:\/\/yoast.com\/wordpress\/plugins\/seo\/ -->\n<title>Mazowsze Cup U14 -<\/title>\n<meta name=\"robots\" content=\"index, follow, max-snippet:-1, max-image-preview:large, max-video-preview:-1\" \/>\n<link rel=\"canonical\" href=\"https:\/\/mc.korty.org\/?page_id=627\" \/>\n<meta property=\"og:locale\" content=\"pl_PL\" \/>\n<meta property=\"og:type\" content=\"article\" \/>\n<meta property=\"og:title\" content=\"Mazowsze Cup U14 -\" \/>\n<meta property=\"og:description\" content=\"CH14 DZ14 Termin: 05.10.2025 Korty: Klub Tenisowy Break \ud83d\udc66 Ch\u0142opcy U14 Faza grupowa Grupa A Stefan Guzi\u0144ski \u0141ukasz Gawro\u0144ski 6\/0 Adam Jobda \u0141ukasz Gawro\u0144ski 6\/0 Stefan Guzi\u0144ski Adam Jobda 6\/2 Grupa B Kamil Grodzki Jan Oleksiak 6\/0 Julian Stefaniuk Jan Oleksiak 6\/3 Kamil Grodzki Julian Stefaniuk 6\/0 Grupa C Ignacy Gwia\u017adzi\u0144ski Aleksander B\u0105k 6\/2 Fabian ... Dowiedz si\u0119 wi\u0119cej\" \/>\n<meta property=\"og:url\" content=\"https:\/\/mc.korty.org\/?page_id=627\" \/>\n<meta property=\"article:modified_time\" content=\"2025-10-08T10:11:04+00:00\" \/>\n<meta name=\"twitter:card\" content=\"summary_large_image\" \/>\n<meta name=\"twitter:label1\" content=\"Szacowany czas czytania\" \/>\n\t<meta name=\"twitter:data1\" content=\"1 minuta\" \/>\n<script type=\"application\/ld+json\" class=\"yoast-schema-graph\">{\"@context\":\"https:\/\/schema.org\",\"@graph\":[{\"@type\":\"WebPage\",\"@id\":\"https:\/\/mc.korty.org\/?page_id=627\",\"url\":\"https:\/\/mc.korty.org\/?page_id=627\",\"name\":\"Mazowsze Cup U14 -\",\"isPartOf\":{\"@id\":\"https:\/\/mc.korty.org\/#website\"},\"datePublished\":\"2025-10-07T21:52:26+00:00\",\"dateModified\":\"2025-10-08T10:11:04+00:00\",\"breadcrumb\":{\"@id\":\"https:\/\/mc.korty.org\/?page_id=627#breadcrumb\"},\"inLanguage\":\"pl-PL\",\"potentialAction\":[{\"@type\":\"ReadAction\",\"target\":[\"https:\/\/mc.korty.org\/?page_id=627\"]}]},{\"@type\":\"BreadcrumbList\",\"@id\":\"https:\/\/mc.korty.org\/?page_id=627#breadcrumb\",\"itemListElement\":[{\"@type\":\"ListItem\",\"position\":1,\"name\":\"Strona g\u0142\u00f3wna\",\"item\":\"https:\/\/mc.korty.org\/\"},{\"@type\":\"ListItem\",\"position\":2,\"name\":\"Mazowsze Cup U14\"}]},{\"@type\":\"WebSite\",\"@id\":\"https:\/\/mc.korty.org\/#website\",\"url\":\"https:\/\/mc.korty.org\/\",\"name\":\"\",\"description\":\"\",\"potentialAction\":[{\"@type\":\"SearchAction\",\"target\":{\"@type\":\"EntryPoint\",\"urlTemplate\":\"https:\/\/mc.korty.org\/?s={search_term_string}\"},\"query-input\":{\"@type\":\"PropertyValueSpecification\",\"valueRequired\":true,\"valueName\":\"search_term_string\"}}],\"inLanguage\":\"pl-PL\"}]}<\/script>\n<!-- \/ Yoast SEO plugin. -->","yoast_head_json":{"title":"Mazowsze Cup U14 -","robots":{"index":"index","follow":"follow","max-snippet":"max-snippet:-1","max-image-preview":"max-image-preview:large","max-video-preview":"max-video-preview:-1"},"canonical":"https:\/\/mc.korty.org\/?page_id=627","og_locale":"pl_PL","og_type":"article","og_title":"Mazowsze Cup U14 -","og_description":"CH14 DZ14 Termin: 05.10.2025 Korty: Klub Tenisowy Break \ud83d\udc66 Ch\u0142opcy U14 Faza grupowa Grupa A Stefan Guzi\u0144ski \u0141ukasz Gawro\u0144ski 6\/0 Adam Jobda \u0141ukasz Gawro\u0144ski 6\/0 Stefan Guzi\u0144ski Adam Jobda 6\/2 Grupa B Kamil Grodzki Jan Oleksiak 6\/0 Julian Stefaniuk Jan Oleksiak 6\/3 Kamil Grodzki Julian Stefaniuk 6\/0 Grupa C Ignacy Gwia\u017adzi\u0144ski Aleksander B\u0105k 6\/2 Fabian ... Dowiedz si\u0119 wi\u0119cej","og_url":"https:\/\/mc.korty.org\/?page_id=627","article_modified_time":"2025-10-08T10:11:04+00:00","twitter_card":"summary_large_image","twitter_misc":{"Szacowany czas czytania":"1 minuta"},"schema":{"@context":"https:\/\/schema.org","@graph":[{"@type":"WebPage","@id":"https:\/\/mc.korty.org\/?page_id=627","url":"https:\/\/mc.korty.org\/?page_id=627","name":"Mazowsze Cup U14 -","isPartOf":{"@id":"https:\/\/mc.korty.org\/#website"},"datePublished":"2025-10-07T21:52:26+00:00","dateModified":"2025-10-08T10:11:04+00:00","breadcrumb":{"@id":"https:\/\/mc.korty.org\/?page_id=627#breadcrumb"},"inLanguage":"pl-PL","potentialAction":[{"@type":"ReadAction","target":["https:\/\/mc.korty.org\/?page_id=627"]}]},{"@type":"BreadcrumbList","@id":"https:\/\/mc.korty.org\/?page_id=627#breadcrumb","itemListElement":[{"@type":"ListItem","position":1,"name":"Strona g\u0142\u00f3wna","item":"https:\/\/mc.korty.org\/"},{"@type":"ListItem","position":2,"name":"Mazowsze Cup U14"}]},{"@type":"WebSite","@id":"https:\/\/mc.korty.org\/#website","url":"https:\/\/mc.korty.org\/","name":"","description":"","potentialAction":[{"@type":"SearchAction","target":{"@type":"EntryPoint","urlTemplate":"https:\/\/mc.korty.org\/?s={search_term_string}"},"query-input":{"@type":"PropertyValueSpecification","valueRequired":true,"valueName":"search_term_string"}}],"inLanguage":"pl-PL"}]}},"_links":{"self":[{"href":"https:\/\/mc.korty.org\/index.php?rest_route=\/wp\/v2\/pages\/627","targetHints":{"allow":["GET"]}}],"collection":[{"href":"https:\/\/mc.korty.org\/index.php?rest_route=\/wp\/v2\/pages"}],"about":[{"href":"https:\/\/mc.korty.org\/index.php?rest_route=\/wp\/v2\/types\/page"}],"author":[{"embeddable":true,"href":"https:\/\/mc.korty.org\/index.php?rest_route=\/wp\/v2\/users\/1"}],"replies":[{"embeddable":true,"href":"https:\/\/mc.korty.org\/index.php?rest_route=%2Fwp%2Fv2%2Fcomments&post=627"}],"version-history":[{"count":5,"href":"https:\/\/mc.korty.org\/index.php?rest_route=\/wp\/v2\/pages\/627\/revisions"}],"predecessor-version":[{"id":632,"href":"https:\/\/mc.korty.org\/index.php?rest_route=\/wp\/v2\/pages\/627\/revisions\/632"}],"wp:attachment":[{"href":"https:\/\/mc.korty.org\/index.php?rest_route=%2Fwp%2Fv2%2Fmedia&parent=627"}],"curies":[{"name":"wp","href":"https:\/\/api.w.org\/{rel}","templated":true}]}}