{"id":652,"date":"2025-10-20T21:17:45","date_gmt":"2025-10-20T21:17:45","guid":{"rendered":"https:\/\/mc.korty.org\/?page_id=652"},"modified":"2025-10-20T21:18:15","modified_gmt":"2025-10-20T21:18:15","slug":"mazowsze-cup-u16-5","status":"publish","type":"page","link":"https:\/\/mc.korty.org\/?page_id=652","title":{"rendered":"Mazowsze Cup U16"},"content":{"rendered":"<style>\n  .entry-content button,\n  .entry-content .wp-block-button__link {\n    margin-bottom: 2px;\n    display: inline-block; \n  }\n.h4 {color: brown;}\n<\/style>\n<p><a href=\"#wyniki-chlopcy\"><button>CH16<\/button><\/a> <a href=\"#wyniki-dziewczeta\"><button>DZ16<\/button><\/a><\/p>\n<p><strong>Termin:<\/strong> 18.10.2025<br \/>\n<strong>Korty:<\/strong> Europejskie Centrum Tenisa<\/p>\n<p><!-- START: Ch\u0142opcy --><\/p>\n<h3 id=\"wyniki-chlopcy\">\ud83d\udc66 Ch\u0142opcy U16<\/h3>\n<h4>Faza grupowa<\/h4>\n<h5>Grupa A<\/h5>\n<table aria-label=\"Grupa A ch\u0142opcy U16\">\n<tbody>\n<tr>\n<td>Kwiatkowski Antek<\/td>\n<td>Varlakou Ivan<\/td>\n<td>4\/0 4\/0<\/td>\n<\/tr>\n<tr>\n<td>Szyma\u0144ski Kuba<\/td>\n<td>Varlakou Ivan<\/td>\n<td>4\/1 4\/1<\/td>\n<\/tr>\n<tr>\n<td>Kwiatkowski Antek<\/td>\n<td>Szyma\u0144ski Kuba<\/td>\n<td>4\/3 4\/2<\/td>\n<\/tr>\n<\/tbody>\n<\/table>\n<h5>Grupa B<\/h5>\n<table aria-label=\"Grupa B ch\u0142opcy U16\">\n<tbody>\n<tr>\n<td>Gwia\u017adzi\u0144ski Ignacy<\/td>\n<td>Deka\u0142o Mychaj\u0142o<\/td>\n<td>4\/1 4\/2<\/td>\n<\/tr>\n<tr>\n<td>Krawczyk Franek<\/td>\n<td>Deka\u0142o Mychaj\u0142o<\/td>\n<td>1\/4 1\/4<\/td>\n<\/tr>\n<tr>\n<td>Gwia\u017adzi\u0144ski Ignacy<\/td>\n<td>Krawczyk Franek<\/td>\n<td>4\/0 4\/0<\/td>\n<\/tr>\n<\/tbody>\n<\/table>\n<h5>Grupa C<\/h5>\n<table aria-label=\"Grupa C ch\u0142opcy U16\">\n<tbody>\n<tr>\n<td>Kielak Maksym<\/td>\n<td>Stobiecki Ignacy<\/td>\n<td>4\/1 4\/1<\/td>\n<\/tr>\n<tr>\n<td>Siwecki Borys<\/td>\n<td>Ho\u0142odniak Jan<\/td>\n<td>4\/0 4\/0<\/td>\n<\/tr>\n<tr>\n<td>Kielak Maksym<\/td>\n<td>Ho\u0142odniak Jan<\/td>\n<td>4\/0 4\/0<\/td>\n<\/tr>\n<tr>\n<td>Siwecki Borys<\/td>\n<td>Stobiecki Ignacy<\/td>\n<td>4\/0 4\/0<\/td>\n<\/tr>\n<tr>\n<td>Kielak Maksym<\/td>\n<td>Siwecki Borys<\/td>\n<td>1\/4 2\/4<\/td>\n<\/tr>\n<tr>\n<td>Ho\u0142odniak Jan<\/td>\n<td>Stobiecki Ignacy<\/td>\n<td>4\/0 4\/0<\/td>\n<\/tr>\n<\/tbody>\n<\/table>\n<h5>Grupa D<\/h5>\n<table aria-label=\"Grupa D ch\u0142opcy U16\">\n<tbody>\n<tr>\n<td>Malec Ignacy<\/td>\n<td>Czufarow Aleks<\/td>\n<td>4\/1 4\/2<\/td>\n<\/tr>\n<tr>\n<td>Skorupka Tymon<\/td>\n<td>Czufarow Aleks<\/td>\n<td>0\/4 4\/1 10\/2<\/td>\n<\/tr>\n<tr>\n<td>Malec Ignacy<\/td>\n<td>Skorupka Tymon<\/td>\n<td>2\/4 3\/4<\/td>\n<\/tr>\n<\/tbody>\n<\/table>\n<h5>Grupa E<\/h5>\n<table aria-label=\"Grupa E ch\u0142opcy U16\">\n<tbody>\n<tr>\n<td>Bacha\u0144ski Mateusz<\/td>\n<td>W\u0142odarczyk Damian<\/td>\n<td>4\/3 4\/1<\/td>\n<\/tr>\n<tr>\n<td>Chomiakov Oleksandr<\/td>\n<td>W\u0142odarczyk Damian<\/td>\n<td>2\/4 4\/1 4\/10<\/td>\n<\/tr>\n<tr>\n<td>Bacha\u0144ski Mateusz<\/td>\n<td>Chomiakov Oleksandr<\/td>\n<td>2\/4 4\/1 10\/3<\/td>\n<\/tr>\n<\/tbody>\n<\/table>\n<h4>Faza pucharowa<\/h4>\n<h5>\u0106wier\u0107fina\u0142y<\/h5>\n<table aria-label=\"\u0106wier\u0107fina\u0142y ch\u0142opcy U16\">\n<tbody>\n<tr>\n<td>Kwiatkowski Antek<\/td>\n<td>Malec Ignacy<\/td>\n<td>4\/2 4\/0<\/td>\n<\/tr>\n<tr>\n<td>Bacha\u0144ski Mateusz<\/td>\n<td>Skorupka Tymon<\/td>\n<td>3\/4 3\/4<\/td>\n<\/tr>\n<tr>\n<td>Siwecki Borys<\/td>\n<td>Szyma\u0144ski Kuba<\/td>\n<td>4\/3 4\/2<\/td>\n<\/tr>\n<tr>\n<td>Kielak Maksym<\/td>\n<td>Gwia\u017adzi\u0144ski Ignacy<\/td>\n<td>4\/2 4\/1<\/td>\n<\/tr>\n<\/tbody>\n<\/table>\n<h5>P\u00f3\u0142fina\u0142y<\/h5>\n<table aria-label=\"P\u00f3\u0142fina\u0142y ch\u0142opcy U16\">\n<tbody>\n<tr>\n<td>Kwiatkowski Antek<\/td>\n<td>Skorupka Tymon<\/td>\n<td>4\/0 4\/0<\/td>\n<\/tr>\n<tr>\n<td>Siwecki Borys<\/td>\n<td>Kielak Maksym<\/td>\n<td>4\/2 4\/3<\/td>\n<\/tr>\n<\/tbody>\n<\/table>\n<h5>Fina\u0142<\/h5>\n<table aria-label=\"Fina\u0142 ch\u0142opcy U16\">\n<tbody>\n<tr>\n<td><strong>Kwiatkowski Antek<\/strong><\/td>\n<td>Siwecki Borys<\/td>\n<td>4\/0 4\/1<\/td>\n<\/tr>\n<\/tbody>\n<\/table>\n<hr>\n<p><!-- START: Dziewcz\u0119ta --><\/p>\n<h3 id=\"wyniki-dziewczeta\">\ud83d\udc67 Dziewcz\u0119ta U16<\/h3>\n<h4>Faza grupowa<\/h4>\n<h5>Grupa A<\/h5>\n<table aria-label=\"Grupa A dziewcz\u0119ta U16\">\n<tbody>\n<tr>\n<td>Gorzelak Zosia<\/td>\n<td>Woszczyk-Rozwadowska Zosia<\/td>\n<td>4\/1 2\/4 10\/4<\/td>\n<\/tr>\n<tr>\n<td>Wr\u00f3bel Aleksandra<\/td>\n<td>Woszczyk-Rozwadowska Zosia<\/td>\n<td>4\/1 4\/3<\/td>\n<\/tr>\n<tr>\n<td>Gorzelak Zosia<\/td>\n<td>Wr\u00f3bel Aleksandra<\/td>\n<td>3\/4 4\/2 11\/9<\/td>\n<\/tr>\n<\/tbody>\n<\/table>\n<h5>Grupa B<\/h5>\n<table aria-label=\"Grupa B dziewcz\u0119ta U16\">\n<tbody>\n<tr>\n<td>Tabor Amelia<\/td>\n<td>Gielniowska Nikola<\/td>\n<td>4\/0 3\/4 10\/8<\/td>\n<\/tr>\n<tr>\n<td>Korkozowicz Helena<\/td>\n<td>Staszewska Nina<\/td>\n<td>4\/2 4\/0<\/td>\n<\/tr>\n<tr>\n<td>Tabor Amelia<\/td>\n<td>Staszewska Nina<\/td>\n<td>4\/1 4\/2<\/td>\n<\/tr>\n<tr>\n<td>Korkozowicz Helena<\/td>\n<td>Gielniowska Nikola<\/td>\n<td>4\/1 4\/2<\/td>\n<\/tr>\n<tr>\n<td>Tabor Amelia<\/td>\n<td>Korkozowicz Helena<\/td>\n<td>1\/4 2\/4<\/td>\n<\/tr>\n<tr>\n<td>Staszewska Nina<\/td>\n<td>Gielniowska Nikola<\/td>\n<td>0\/4 3\/4<\/td>\n<\/tr>\n<\/tbody>\n<\/table>\n<h4>Faza pucharowa<\/h4>\n<h5>P\u00f3\u0142fina\u0142y<\/h5>\n<table aria-label=\"P\u00f3\u0142fina\u0142y dziewcz\u0119ta U16\">\n<tbody>\n<tr>\n<td>Gorzelak Zosia<\/td>\n<td>Tabor Amelia<\/td>\n<td>4\/1 4\/1<\/td>\n<\/tr>\n<tr>\n<td>Wr\u00f3bel Aleksandra<\/td>\n<td>Korkozowicz Helena<\/td>\n<td>2\/4 0\/4<\/td>\n<\/tr>\n<\/tbody>\n<\/table>\n<h5>Fina\u0142<\/h5>\n<table aria-label=\"Fina\u0142 dziewcz\u0119ta U16\">\n<tbody>\n<tr>\n<td><strong>Gorzelak Zosia<\/strong><\/td>\n<td>Korkozowicz Helena<\/td>\n<td>4\/2 4\/1<\/td>\n<\/tr>\n<\/tbody>\n<\/table>\n","protected":false},"excerpt":{"rendered":"<p>CH16 DZ16 Termin: 18.10.2025 Korty: Europejskie Centrum Tenisa \ud83d\udc66 Ch\u0142opcy U16 Faza grupowa Grupa A Kwiatkowski Antek Varlakou Ivan 4\/0 4\/0 Szyma\u0144ski Kuba Varlakou Ivan 4\/1 4\/1 Kwiatkowski Antek Szyma\u0144ski Kuba 4\/3 4\/2 Grupa B Gwia\u017adzi\u0144ski Ignacy Deka\u0142o Mychaj\u0142o 4\/1 4\/2 Krawczyk Franek Deka\u0142o Mychaj\u0142o 1\/4 1\/4 Gwia\u017adzi\u0144ski Ignacy Krawczyk Franek 4\/0 4\/0 Grupa C &#8230; <a title=\"Mazowsze Cup U16\" class=\"read-more\" href=\"https:\/\/mc.korty.org\/?page_id=652\" aria-label=\"Read more about Mazowsze Cup U16\">Dowiedz si\u0119 wi\u0119cej<\/a><\/p>\n","protected":false},"author":1,"featured_media":0,"parent":0,"menu_order":0,"comment_status":"closed","ping_status":"closed","template":"","meta":{"footnotes":""},"class_list":["post-652","page","type-page","status-publish"],"yoast_head":"<!-- This site is optimized with the Yoast SEO plugin v23.5 - https:\/\/yoast.com\/wordpress\/plugins\/seo\/ -->\n<title>Mazowsze Cup U16 -<\/title>\n<meta name=\"robots\" content=\"index, follow, max-snippet:-1, max-image-preview:large, max-video-preview:-1\" \/>\n<link rel=\"canonical\" href=\"https:\/\/mc.korty.org\/?page_id=652\" \/>\n<meta property=\"og:locale\" content=\"pl_PL\" \/>\n<meta property=\"og:type\" content=\"article\" \/>\n<meta property=\"og:title\" content=\"Mazowsze Cup U16 -\" \/>\n<meta property=\"og:description\" content=\"CH16 DZ16 Termin: 18.10.2025 Korty: Europejskie Centrum Tenisa \ud83d\udc66 Ch\u0142opcy U16 Faza grupowa Grupa A Kwiatkowski Antek Varlakou Ivan 4\/0 4\/0 Szyma\u0144ski Kuba Varlakou Ivan 4\/1 4\/1 Kwiatkowski Antek Szyma\u0144ski Kuba 4\/3 4\/2 Grupa B Gwia\u017adzi\u0144ski Ignacy Deka\u0142o Mychaj\u0142o 4\/1 4\/2 Krawczyk Franek Deka\u0142o Mychaj\u0142o 1\/4 1\/4 Gwia\u017adzi\u0144ski Ignacy Krawczyk Franek 4\/0 4\/0 Grupa C ... Dowiedz si\u0119 wi\u0119cej\" \/>\n<meta property=\"og:url\" content=\"https:\/\/mc.korty.org\/?page_id=652\" \/>\n<meta property=\"article:modified_time\" content=\"2025-10-20T21:18:15+00:00\" \/>\n<meta name=\"twitter:card\" content=\"summary_large_image\" \/>\n<meta name=\"twitter:label1\" content=\"Szacowany czas czytania\" \/>\n\t<meta name=\"twitter:data1\" content=\"2 minuty\" \/>\n<script type=\"application\/ld+json\" class=\"yoast-schema-graph\">{\"@context\":\"https:\/\/schema.org\",\"@graph\":[{\"@type\":\"WebPage\",\"@id\":\"https:\/\/mc.korty.org\/?page_id=652\",\"url\":\"https:\/\/mc.korty.org\/?page_id=652\",\"name\":\"Mazowsze Cup U16 -\",\"isPartOf\":{\"@id\":\"https:\/\/mc.korty.org\/#website\"},\"datePublished\":\"2025-10-20T21:17:45+00:00\",\"dateModified\":\"2025-10-20T21:18:15+00:00\",\"breadcrumb\":{\"@id\":\"https:\/\/mc.korty.org\/?page_id=652#breadcrumb\"},\"inLanguage\":\"pl-PL\",\"potentialAction\":[{\"@type\":\"ReadAction\",\"target\":[\"https:\/\/mc.korty.org\/?page_id=652\"]}]},{\"@type\":\"BreadcrumbList\",\"@id\":\"https:\/\/mc.korty.org\/?page_id=652#breadcrumb\",\"itemListElement\":[{\"@type\":\"ListItem\",\"position\":1,\"name\":\"Strona g\u0142\u00f3wna\",\"item\":\"https:\/\/mc.korty.org\/\"},{\"@type\":\"ListItem\",\"position\":2,\"name\":\"Mazowsze Cup U16\"}]},{\"@type\":\"WebSite\",\"@id\":\"https:\/\/mc.korty.org\/#website\",\"url\":\"https:\/\/mc.korty.org\/\",\"name\":\"\",\"description\":\"\",\"potentialAction\":[{\"@type\":\"SearchAction\",\"target\":{\"@type\":\"EntryPoint\",\"urlTemplate\":\"https:\/\/mc.korty.org\/?s={search_term_string}\"},\"query-input\":{\"@type\":\"PropertyValueSpecification\",\"valueRequired\":true,\"valueName\":\"search_term_string\"}}],\"inLanguage\":\"pl-PL\"}]}<\/script>\n<!-- \/ Yoast SEO plugin. -->","yoast_head_json":{"title":"Mazowsze Cup U16 -","robots":{"index":"index","follow":"follow","max-snippet":"max-snippet:-1","max-image-preview":"max-image-preview:large","max-video-preview":"max-video-preview:-1"},"canonical":"https:\/\/mc.korty.org\/?page_id=652","og_locale":"pl_PL","og_type":"article","og_title":"Mazowsze Cup U16 -","og_description":"CH16 DZ16 Termin: 18.10.2025 Korty: Europejskie Centrum Tenisa \ud83d\udc66 Ch\u0142opcy U16 Faza grupowa Grupa A Kwiatkowski Antek Varlakou Ivan 4\/0 4\/0 Szyma\u0144ski Kuba Varlakou Ivan 4\/1 4\/1 Kwiatkowski Antek Szyma\u0144ski Kuba 4\/3 4\/2 Grupa B Gwia\u017adzi\u0144ski Ignacy Deka\u0142o Mychaj\u0142o 4\/1 4\/2 Krawczyk Franek Deka\u0142o Mychaj\u0142o 1\/4 1\/4 Gwia\u017adzi\u0144ski Ignacy Krawczyk Franek 4\/0 4\/0 Grupa C ... Dowiedz si\u0119 wi\u0119cej","og_url":"https:\/\/mc.korty.org\/?page_id=652","article_modified_time":"2025-10-20T21:18:15+00:00","twitter_card":"summary_large_image","twitter_misc":{"Szacowany czas czytania":"2 minuty"},"schema":{"@context":"https:\/\/schema.org","@graph":[{"@type":"WebPage","@id":"https:\/\/mc.korty.org\/?page_id=652","url":"https:\/\/mc.korty.org\/?page_id=652","name":"Mazowsze Cup U16 -","isPartOf":{"@id":"https:\/\/mc.korty.org\/#website"},"datePublished":"2025-10-20T21:17:45+00:00","dateModified":"2025-10-20T21:18:15+00:00","breadcrumb":{"@id":"https:\/\/mc.korty.org\/?page_id=652#breadcrumb"},"inLanguage":"pl-PL","potentialAction":[{"@type":"ReadAction","target":["https:\/\/mc.korty.org\/?page_id=652"]}]},{"@type":"BreadcrumbList","@id":"https:\/\/mc.korty.org\/?page_id=652#breadcrumb","itemListElement":[{"@type":"ListItem","position":1,"name":"Strona g\u0142\u00f3wna","item":"https:\/\/mc.korty.org\/"},{"@type":"ListItem","position":2,"name":"Mazowsze Cup U16"}]},{"@type":"WebSite","@id":"https:\/\/mc.korty.org\/#website","url":"https:\/\/mc.korty.org\/","name":"","description":"","potentialAction":[{"@type":"SearchAction","target":{"@type":"EntryPoint","urlTemplate":"https:\/\/mc.korty.org\/?s={search_term_string}"},"query-input":{"@type":"PropertyValueSpecification","valueRequired":true,"valueName":"search_term_string"}}],"inLanguage":"pl-PL"}]}},"_links":{"self":[{"href":"https:\/\/mc.korty.org\/index.php?rest_route=\/wp\/v2\/pages\/652","targetHints":{"allow":["GET"]}}],"collection":[{"href":"https:\/\/mc.korty.org\/index.php?rest_route=\/wp\/v2\/pages"}],"about":[{"href":"https:\/\/mc.korty.org\/index.php?rest_route=\/wp\/v2\/types\/page"}],"author":[{"embeddable":true,"href":"https:\/\/mc.korty.org\/index.php?rest_route=\/wp\/v2\/users\/1"}],"replies":[{"embeddable":true,"href":"https:\/\/mc.korty.org\/index.php?rest_route=%2Fwp%2Fv2%2Fcomments&post=652"}],"version-history":[{"count":2,"href":"https:\/\/mc.korty.org\/index.php?rest_route=\/wp\/v2\/pages\/652\/revisions"}],"predecessor-version":[{"id":654,"href":"https:\/\/mc.korty.org\/index.php?rest_route=\/wp\/v2\/pages\/652\/revisions\/654"}],"wp:attachment":[{"href":"https:\/\/mc.korty.org\/index.php?rest_route=%2Fwp%2Fv2%2Fmedia&parent=652"}],"curies":[{"name":"wp","href":"https:\/\/api.w.org\/{rel}","templated":true}]}}