{"id":675,"date":"2025-11-10T21:52:47","date_gmt":"2025-11-10T21:52:47","guid":{"rendered":"https:\/\/mc.korty.org\/?page_id=675"},"modified":"2025-11-10T21:52:47","modified_gmt":"2025-11-10T21:52:47","slug":"mazowsze-cup-u12-8","status":"publish","type":"page","link":"https:\/\/mc.korty.org\/?page_id=675","title":{"rendered":"Mazowsze Cup U12"},"content":{"rendered":"<style>\n  .entry-content button,\n  .entry-content .wp-block-button__link {\n    margin-bottom: 2px;\n    display: inline-block;\n  }\n  .h4 { color: brown; }\n<\/style>\n<p><a href=\"#wyniki-chlopcy\"><button>CH12<\/button><\/a> <a href=\"#wyniki-dziewczeta\"><button>DZ12<\/button><\/a><\/p>\n<p><strong>Termin<\/strong>: 08.11.2025<br \/>\n<strong>Korty:<\/strong> WKT Mera<\/p>\n<p><!-- START: Ch\u0142opcy --><\/p>\n<h3 id=\"wyniki-chlopcy\">\ud83d\udc66 Ch\u0142opcy U12<\/h3>\n<h4>Faza grupowa<\/h4>\n<h5>Grupa A<\/h5>\n<table aria-label=\"Grupa A ch\u0142opcy U12\">\n<tbody>\n<tr>\n<td>Sulima Jan<\/td>\n<td>Trzepacki Bartosz<\/td>\n<td>4\/1 4\/0<\/td>\n<\/tr>\n<tr>\n<td>Wicherski Wiktor<\/td>\n<td>Dyba\u0142 Stefan<\/td>\n<td>3\/4 4\/2 13\/15<\/td>\n<\/tr>\n<tr>\n<td>Sulima Jan<\/td>\n<td>Dyba\u0142 Stefan<\/td>\n<td>4\/0 4\/1<\/td>\n<\/tr>\n<tr>\n<td>Wicherski Wiktor<\/td>\n<td>Trzepacki Bartosz<\/td>\n<td>4\/3 4\/3<\/td>\n<\/tr>\n<tr>\n<td>Sulima Jan<\/td>\n<td>Wicherski Wiktor<\/td>\n<td>4\/3 4\/0<\/td>\n<\/tr>\n<tr>\n<td>Dyba\u0142 Stefan<\/td>\n<td>Trzepacki Bartosz<\/td>\n<td>4\/2 4\/1<\/td>\n<\/tr>\n<\/tbody>\n<\/table>\n<h5>Grupa B<\/h5>\n<table aria-label=\"Grupa B ch\u0142opcy U12\">\n<tbody>\n<tr>\n<td>\u0141ady\u017cy\u0144ski Wiktor<\/td>\n<td>Kuprin Mark<\/td>\n<td>4\/1 4\/2<\/td>\n<\/tr>\n<tr>\n<td>Pawluk-Jaszczuk Izbor<\/td>\n<td>Kosuniak Adrian<\/td>\n<td>4\/0 4\/0<\/td>\n<\/tr>\n<tr>\n<td>\u0141ady\u017cy\u0144ski Wiktor<\/td>\n<td>Kosuniak Adrian<\/td>\n<td>4\/0 4\/0<\/td>\n<\/tr>\n<tr>\n<td>Pawluk-Jaszczuk Izbor<\/td>\n<td>Kuprin Mark<\/td>\n<td>4\/0 4\/0<\/td>\n<\/tr>\n<tr>\n<td>\u0141ady\u017cy\u0144ski Wiktor<\/td>\n<td>Pawluk-Jaszczuk Izbor<\/td>\n<td>1\/4 1\/4<\/td>\n<\/tr>\n<tr>\n<td>Kosuniak Adrian<\/td>\n<td>Kuprin Mark<\/td>\n<td>3\/4 1\/4<\/td>\n<\/tr>\n<\/tbody>\n<\/table>\n<h5>Grupa C<\/h5>\n<table aria-label=\"Grupa C ch\u0142opcy U12\">\n<tbody>\n<tr>\n<td>P\u0142ocica Mateusz<\/td>\n<td>Rakowski Antoni<\/td>\n<td>4\/0 4\/1<\/td>\n<\/tr>\n<tr>\n<td>Wo\u017any Miko\u0142aj<\/td>\n<td>Hul Jaros\u0142aw<\/td>\n<td>4\/1 4\/3<\/td>\n<\/tr>\n<tr>\n<td>P\u0142ocica Mateusz<\/td>\n<td>Hul Jaros\u0142aw<\/td>\n<td>4\/0 4\/1<\/td>\n<\/tr>\n<tr>\n<td>Wo\u017any Miko\u0142aj<\/td>\n<td>Rakowski Antoni<\/td>\n<td>4\/0 4\/0<\/td>\n<\/tr>\n<tr>\n<td>P\u0142ocica Mateusz<\/td>\n<td>Wo\u017any Miko\u0142aj<\/td>\n<td>4\/1 4\/0<\/td>\n<\/tr>\n<tr>\n<td>Hul Jaros\u0142aw<\/td>\n<td>Rakowski Antoni<\/td>\n<td>1\/4 2\/4<\/td>\n<\/tr>\n<\/tbody>\n<\/table>\n<h5>Grupa D<\/h5>\n<table aria-label=\"Grupa D ch\u0142opcy U12\">\n<tbody>\n<tr>\n<td>Keller Alicja<\/td>\n<td>Zalewski Jakub<\/td>\n<td>4\/0 4\/0<\/td>\n<\/tr>\n<tr>\n<td>Szadkowski Aleksander<\/td>\n<td>Wierzbicki Aleksander<\/td>\n<td>1\/4 1\/4<\/td>\n<\/tr>\n<tr>\n<td>Keller Alicja<\/td>\n<td>Wierzbicki Aleksander<\/td>\n<td>1\/4 4\/3 9\/11<\/td>\n<\/tr>\n<tr>\n<td>Szadkowski Aleksander<\/td>\n<td>Zalewski Jakub<\/td>\n<td>1\/4 1\/4<\/td>\n<\/tr>\n<tr>\n<td>Keller Alicja<\/td>\n<td>Szadkowski Aleksander<\/td>\n<td>4\/1 4\/0<\/td>\n<\/tr>\n<tr>\n<td>Wierzbicki Aleksander<\/td>\n<td>Zalewski Jakub<\/td>\n<td>4\/1 4\/0<\/td>\n<\/tr>\n<\/tbody>\n<\/table>\n<h4>Drabinka fina\u0142owa<\/h4>\n<h5>1\/4 fina\u0142u<\/h5>\n<table aria-label=\"\u0106wier\u0107fina\u0142y ch\u0142opcy U12\">\n<tbody>\n<tr>\n<td>Sulima Jan<\/td>\n<td>Wo\u017any Miko\u0142aj<\/td>\n<td>4\/1 4\/0<\/td>\n<\/tr>\n<tr>\n<td>\u0141ady\u017cy\u0144ski Wiktor<\/td>\n<td>Wierzbicki Aleksander<\/td>\n<td>4\/0 4\/0<\/td>\n<\/tr>\n<tr>\n<td>P\u0142ocica Mateusz<\/td>\n<td>Dyba\u0142 Stefan<\/td>\n<td>4\/2 1\/4 6\/10<\/td>\n<\/tr>\n<tr>\n<td>Keller Alicja<\/td>\n<td>Pawluk-Jaszczuk Izbor<\/td>\n<td>0\/4 0\/4<\/td>\n<\/tr>\n<\/tbody>\n<\/table>\n<h5>1\/2 fina\u0142u<\/h5>\n<table aria-label=\"P\u00f3\u0142fina\u0142y ch\u0142opcy U12\">\n<tbody>\n<tr>\n<td>Sulima Jan<\/td>\n<td>\u0141ady\u017cy\u0144ski Wiktor<\/td>\n<td>4\/0 4\/0<\/td>\n<\/tr>\n<tr>\n<td>Dyba\u0142 Stefan<\/td>\n<td>Pawluk-Jaszczuk Izbor<\/td>\n<td>1\/4 1\/4<\/td>\n<\/tr>\n<\/tbody>\n<\/table>\n<h5>Fina\u0142<\/h5>\n<table aria-label=\"Fina\u0142 ch\u0142opcy U12\">\n<tbody>\n<tr>\n<td>Sulima Jan<\/td>\n<td>Pawluk-Jaszczuk Izbor<\/td>\n<td>4\/1 4\/0<\/td>\n<\/tr>\n<\/tbody>\n<\/table>\n<hr \/>\n<p><!-- START: Dziewcz\u0119ta --><\/p>\n<h3 id=\"wyniki-dziewczeta\">\ud83d\udc67 Dziewcz\u0119ta U12<\/h3>\n<h4>Faza grupowa<\/h4>\n<h5>Grupa A<\/h5>\n<table aria-label=\"Grupa A dziewcz\u0119ta U12\">\n<tbody>\n<tr>\n<td>Aleksander Lilia<\/td>\n<td>Ga\u0142usza Joanna<\/td>\n<td>4\/0 4\/0<\/td>\n<\/tr>\n<tr>\n<td>Bluhm Amelia<\/td>\n<td>Ga\u0142usza Joanna<\/td>\n<td>1\/4 3\/4<\/td>\n<\/tr>\n<tr>\n<td>Aleksander Lilia<\/td>\n<td>Bluhm Amelia<\/td>\n<td>4\/2 4\/2<\/td>\n<\/tr>\n<\/tbody>\n<\/table>\n","protected":false},"excerpt":{"rendered":"<p>CH12 DZ12 Termin: 08.11.2025 Korty: WKT Mera \ud83d\udc66 Ch\u0142opcy U12 Faza grupowa Grupa A Sulima Jan Trzepacki Bartosz 4\/1 4\/0 Wicherski Wiktor Dyba\u0142 Stefan 3\/4 4\/2 13\/15 Sulima Jan Dyba\u0142 Stefan 4\/0 4\/1 Wicherski Wiktor Trzepacki Bartosz 4\/3 4\/3 Sulima Jan Wicherski Wiktor 4\/3 4\/0 Dyba\u0142 Stefan Trzepacki Bartosz 4\/2 4\/1 Grupa B \u0141ady\u017cy\u0144ski Wiktor &#8230; <a title=\"Mazowsze Cup U12\" class=\"read-more\" href=\"https:\/\/mc.korty.org\/?page_id=675\" aria-label=\"Read more about Mazowsze Cup U12\">Dowiedz si\u0119 wi\u0119cej<\/a><\/p>\n","protected":false},"author":1,"featured_media":0,"parent":0,"menu_order":0,"comment_status":"closed","ping_status":"closed","template":"","meta":{"footnotes":""},"class_list":["post-675","page","type-page","status-publish"],"yoast_head":"<!-- This site is optimized with the Yoast SEO plugin v23.5 - https:\/\/yoast.com\/wordpress\/plugins\/seo\/ -->\n<title>Mazowsze Cup U12 -<\/title>\n<meta name=\"robots\" content=\"index, follow, max-snippet:-1, max-image-preview:large, max-video-preview:-1\" \/>\n<link rel=\"canonical\" href=\"https:\/\/mc.korty.org\/?page_id=675\" \/>\n<meta property=\"og:locale\" content=\"pl_PL\" \/>\n<meta property=\"og:type\" content=\"article\" \/>\n<meta property=\"og:title\" content=\"Mazowsze Cup U12 -\" \/>\n<meta property=\"og:description\" content=\"CH12 DZ12 Termin: 08.11.2025 Korty: WKT Mera \ud83d\udc66 Ch\u0142opcy U12 Faza grupowa Grupa A Sulima Jan Trzepacki Bartosz 4\/1 4\/0 Wicherski Wiktor Dyba\u0142 Stefan 3\/4 4\/2 13\/15 Sulima Jan Dyba\u0142 Stefan 4\/0 4\/1 Wicherski Wiktor Trzepacki Bartosz 4\/3 4\/3 Sulima Jan Wicherski Wiktor 4\/3 4\/0 Dyba\u0142 Stefan Trzepacki Bartosz 4\/2 4\/1 Grupa B \u0141ady\u017cy\u0144ski Wiktor ... Dowiedz si\u0119 wi\u0119cej\" \/>\n<meta property=\"og:url\" content=\"https:\/\/mc.korty.org\/?page_id=675\" \/>\n<meta name=\"twitter:card\" content=\"summary_large_image\" \/>\n<script type=\"application\/ld+json\" class=\"yoast-schema-graph\">{\"@context\":\"https:\/\/schema.org\",\"@graph\":[{\"@type\":\"WebPage\",\"@id\":\"https:\/\/mc.korty.org\/?page_id=675\",\"url\":\"https:\/\/mc.korty.org\/?page_id=675\",\"name\":\"Mazowsze Cup U12 -\",\"isPartOf\":{\"@id\":\"https:\/\/mc.korty.org\/#website\"},\"datePublished\":\"2025-11-10T21:52:47+00:00\",\"dateModified\":\"2025-11-10T21:52:47+00:00\",\"breadcrumb\":{\"@id\":\"https:\/\/mc.korty.org\/?page_id=675#breadcrumb\"},\"inLanguage\":\"pl-PL\",\"potentialAction\":[{\"@type\":\"ReadAction\",\"target\":[\"https:\/\/mc.korty.org\/?page_id=675\"]}]},{\"@type\":\"BreadcrumbList\",\"@id\":\"https:\/\/mc.korty.org\/?page_id=675#breadcrumb\",\"itemListElement\":[{\"@type\":\"ListItem\",\"position\":1,\"name\":\"Strona g\u0142\u00f3wna\",\"item\":\"https:\/\/mc.korty.org\/\"},{\"@type\":\"ListItem\",\"position\":2,\"name\":\"Mazowsze Cup U12\"}]},{\"@type\":\"WebSite\",\"@id\":\"https:\/\/mc.korty.org\/#website\",\"url\":\"https:\/\/mc.korty.org\/\",\"name\":\"\",\"description\":\"\",\"potentialAction\":[{\"@type\":\"SearchAction\",\"target\":{\"@type\":\"EntryPoint\",\"urlTemplate\":\"https:\/\/mc.korty.org\/?s={search_term_string}\"},\"query-input\":{\"@type\":\"PropertyValueSpecification\",\"valueRequired\":true,\"valueName\":\"search_term_string\"}}],\"inLanguage\":\"pl-PL\"}]}<\/script>\n<!-- \/ Yoast SEO plugin. -->","yoast_head_json":{"title":"Mazowsze Cup U12 -","robots":{"index":"index","follow":"follow","max-snippet":"max-snippet:-1","max-image-preview":"max-image-preview:large","max-video-preview":"max-video-preview:-1"},"canonical":"https:\/\/mc.korty.org\/?page_id=675","og_locale":"pl_PL","og_type":"article","og_title":"Mazowsze Cup U12 -","og_description":"CH12 DZ12 Termin: 08.11.2025 Korty: WKT Mera \ud83d\udc66 Ch\u0142opcy U12 Faza grupowa Grupa A Sulima Jan Trzepacki Bartosz 4\/1 4\/0 Wicherski Wiktor Dyba\u0142 Stefan 3\/4 4\/2 13\/15 Sulima Jan Dyba\u0142 Stefan 4\/0 4\/1 Wicherski Wiktor Trzepacki Bartosz 4\/3 4\/3 Sulima Jan Wicherski Wiktor 4\/3 4\/0 Dyba\u0142 Stefan Trzepacki Bartosz 4\/2 4\/1 Grupa B \u0141ady\u017cy\u0144ski Wiktor ... Dowiedz si\u0119 wi\u0119cej","og_url":"https:\/\/mc.korty.org\/?page_id=675","twitter_card":"summary_large_image","schema":{"@context":"https:\/\/schema.org","@graph":[{"@type":"WebPage","@id":"https:\/\/mc.korty.org\/?page_id=675","url":"https:\/\/mc.korty.org\/?page_id=675","name":"Mazowsze Cup U12 -","isPartOf":{"@id":"https:\/\/mc.korty.org\/#website"},"datePublished":"2025-11-10T21:52:47+00:00","dateModified":"2025-11-10T21:52:47+00:00","breadcrumb":{"@id":"https:\/\/mc.korty.org\/?page_id=675#breadcrumb"},"inLanguage":"pl-PL","potentialAction":[{"@type":"ReadAction","target":["https:\/\/mc.korty.org\/?page_id=675"]}]},{"@type":"BreadcrumbList","@id":"https:\/\/mc.korty.org\/?page_id=675#breadcrumb","itemListElement":[{"@type":"ListItem","position":1,"name":"Strona g\u0142\u00f3wna","item":"https:\/\/mc.korty.org\/"},{"@type":"ListItem","position":2,"name":"Mazowsze Cup U12"}]},{"@type":"WebSite","@id":"https:\/\/mc.korty.org\/#website","url":"https:\/\/mc.korty.org\/","name":"","description":"","potentialAction":[{"@type":"SearchAction","target":{"@type":"EntryPoint","urlTemplate":"https:\/\/mc.korty.org\/?s={search_term_string}"},"query-input":{"@type":"PropertyValueSpecification","valueRequired":true,"valueName":"search_term_string"}}],"inLanguage":"pl-PL"}]}},"_links":{"self":[{"href":"https:\/\/mc.korty.org\/index.php?rest_route=\/wp\/v2\/pages\/675","targetHints":{"allow":["GET"]}}],"collection":[{"href":"https:\/\/mc.korty.org\/index.php?rest_route=\/wp\/v2\/pages"}],"about":[{"href":"https:\/\/mc.korty.org\/index.php?rest_route=\/wp\/v2\/types\/page"}],"author":[{"embeddable":true,"href":"https:\/\/mc.korty.org\/index.php?rest_route=\/wp\/v2\/users\/1"}],"replies":[{"embeddable":true,"href":"https:\/\/mc.korty.org\/index.php?rest_route=%2Fwp%2Fv2%2Fcomments&post=675"}],"version-history":[{"count":1,"href":"https:\/\/mc.korty.org\/index.php?rest_route=\/wp\/v2\/pages\/675\/revisions"}],"predecessor-version":[{"id":676,"href":"https:\/\/mc.korty.org\/index.php?rest_route=\/wp\/v2\/pages\/675\/revisions\/676"}],"wp:attachment":[{"href":"https:\/\/mc.korty.org\/index.php?rest_route=%2Fwp%2Fv2%2Fmedia&parent=675"}],"curies":[{"name":"wp","href":"https:\/\/api.w.org\/{rel}","templated":true}]}}