{"id":717,"date":"2025-11-18T10:43:40","date_gmt":"2025-11-18T10:43:40","guid":{"rendered":"https:\/\/mc.korty.org\/?page_id=717"},"modified":"2025-11-18T10:43:40","modified_gmt":"2025-11-18T10:43:40","slug":"mazowsze-cup-u16-6","status":"publish","type":"page","link":"https:\/\/mc.korty.org\/?page_id=717","title":{"rendered":"Mazowsze Cup U16"},"content":{"rendered":"<style>\n  .entry-content button,\n  .entry-content .wp-block-button__link {\n    margin-bottom: 2px;\n    display: inline-block; \n  }\n  .h4 { color: brown; }\n<\/style>\n<p><a href=\"#wyniki-chlopcy\"><button>CH16<\/button><\/a> <a href=\"#wyniki-dziewczeta\"><button>DZ16<\/button><\/a><\/p>\n<p><strong>Termin<\/strong>: 16.11.2025<br \/>\n<strong>Korty:<\/strong> AT Masters Radom<\/p>\n<p><!-- START: Ch\u0142opcy --><\/p>\n<h3 id=\"wyniki-chlopcy\">\ud83d\udc66 Ch\u0142opcy U16<\/h3>\n<h4>Faza grupowa<\/h4>\n<h5>Grupa A<\/h5>\n<table aria-label=\"Grupa A ch\u0142opcy U16\">\n<tbody>\n<tr>\n<td>Gwia\u017adzi\u0144ski Ignacy<\/td>\n<td>Sulima Franek<\/td>\n<td>6\/2<\/td>\n<\/tr>\n<tr>\n<td>Sulima Franek<\/td>\n<td>W\u00f3jtowicz Antoni<\/td>\n<td>6\/0<\/td>\n<\/tr>\n<tr>\n<td>Gwia\u017adzi\u0144ski Ignacy<\/td>\n<td>W\u00f3jtowicz Antoni<\/td>\n<td>6\/3<\/td>\n<\/tr>\n<\/tbody>\n<\/table>\n<h5>Grupa B<\/h5>\n<table aria-label=\"Grupa B ch\u0142opcy U16\">\n<tbody>\n<tr>\n<td>Kr\u00f3lak Oskar<\/td>\n<td>Kosiec Marcel<\/td>\n<td>6\/0<\/td>\n<\/tr>\n<tr>\n<td>Kosiec Marcel<\/td>\n<td>W\u00f3jcik Kuba<\/td>\n<td>7\/5<\/td>\n<\/tr>\n<tr>\n<td>Kr\u00f3lak Oskar<\/td>\n<td>W\u00f3jcik Kuba<\/td>\n<td>6\/0<\/td>\n<\/tr>\n<\/tbody>\n<\/table>\n<h5>Grupa C<\/h5>\n<table aria-label=\"Grupa C ch\u0142opcy U16\">\n<tbody>\n<tr>\n<td>Sulima Jan<\/td>\n<td>Solecki Aleksander<\/td>\n<td>6\/2<\/td>\n<\/tr>\n<tr>\n<td>Solecki Aleksander<\/td>\n<td>Sar Szymon<\/td>\n<td>6\/1<\/td>\n<\/tr>\n<tr>\n<td>Sulima Jan<\/td>\n<td>Sar Szymon<\/td>\n<td>6\/0<\/td>\n<\/tr>\n<\/tbody>\n<\/table>\n<h5>Grupa D<\/h5>\n<table aria-label=\"Grupa D ch\u0142opcy U16\">\n<tbody>\n<tr>\n<td>Malec Ignacy<\/td>\n<td>Siwecki Borys<\/td>\n<td>7\/6<\/td>\n<\/tr>\n<tr>\n<td>Malec Ignacy<\/td>\n<td>Dutkowiak Daniel<\/td>\n<td>6\/0<\/td>\n<\/tr>\n<tr>\n<td>Siwecki Borys<\/td>\n<td>Dutkowiak Daniel<\/td>\n<td>6\/2<\/td>\n<\/tr>\n<\/tbody>\n<\/table>\n<h4>Faza pucharowa<\/h4>\n<h5>\u0106wier\u0107fina\u0142y<\/h5>\n<table aria-label=\"\u0106wier\u0107fina\u0142y ch\u0142opcy U16\">\n<tbody>\n<tr>\n<td>Gwia\u017adzi\u0144ski Ignacy<\/td>\n<td>Solecki Aleksander<\/td>\n<td>6\/1<\/td>\n<\/tr>\n<tr>\n<td>Malec Ignacy<\/td>\n<td>Kosiec Marcel<\/td>\n<td>6\/3<\/td>\n<\/tr>\n<tr>\n<td>Sulima Jan<\/td>\n<td>Sulima Franek<\/td>\n<td>6\/2<\/td>\n<\/tr>\n<tr>\n<td>Kr\u00f3lak Oskar<\/td>\n<td>Siwecki Borys<\/td>\n<td>6\/3<\/td>\n<\/tr>\n<\/tbody>\n<\/table>\n<h5>P\u00f3\u0142fina\u0142y<\/h5>\n<table aria-label=\"P\u00f3\u0142fina\u0142y ch\u0142opcy U16\">\n<tbody>\n<tr>\n<td>Gwia\u017adzi\u0144ski Ignacy<\/td>\n<td>Malec Ignacy<\/td>\n<td>6\/2<\/td>\n<\/tr>\n<tr>\n<td>Kr\u00f3lak Oskar<\/td>\n<td>Sulima Jan<\/td>\n<td>6\/0<\/td>\n<\/tr>\n<\/tbody>\n<\/table>\n<h5>Fina\u0142<\/h5>\n<table aria-label=\"Fina\u0142 ch\u0142opcy U16\">\n<tbody>\n<tr>\n<td><strong>Kr\u00f3lak Oskar<\/strong><\/td>\n<td>Gwia\u017adzi\u0144ski Ignacy<\/td>\n<td>7\/6 6\/3<\/td>\n<\/tr>\n<\/tbody>\n<\/table>\n<hr>\n<p><!-- START: Dziewcz\u0119ta --><\/p>\n<h3 id=\"wyniki-dziewczeta\">\ud83d\udc67 Dziewcz\u0119ta U16<\/h3>\n<h4>Faza grupowa<\/h4>\n<h5>Grupa A<\/h5>\n<table aria-label=\"Grupa A dziewcz\u0119ta U16\">\n<tbody>\n<tr>\n<td>Gorzelak Zosia<\/td>\n<td>W\u0119grzynowska Natalia<\/td>\n<td>6\/2<\/td>\n<\/tr>\n<tr>\n<td>Ostrowska Marysia<\/td>\n<td>W\u0119grzynowska Natalia<\/td>\n<td>6\/2<\/td>\n<\/tr>\n<tr>\n<td>Gorzelak Zosia<\/td>\n<td>Ostrowska Marysia<\/td>\n<td>6\/1<\/td>\n<\/tr>\n<\/tbody>\n<\/table>\n<h5>Grupa B<\/h5>\n<table aria-label=\"Grupa B dziewcz\u0119ta U16\">\n<tbody>\n<tr>\n<td>Korkozowicz Helena<\/td>\n<td>Soko\u0142owska Amelia<\/td>\n<td>6\/0<\/td>\n<\/tr>\n<tr>\n<td>Soko\u0142owska Amelia<\/td>\n<td>Szybiak Wiktoria<\/td>\n<td>6\/1<\/td>\n<\/tr>\n<tr>\n<td>Korkozowicz Helena<\/td>\n<td>Szybiak Wiktoria<\/td>\n<td>6\/0<\/td>\n<\/tr>\n<\/tbody>\n<\/table>\n<h5>Grupa C<\/h5>\n<table aria-label=\"Grupa C dziewcz\u0119ta U16\">\n<tbody>\n<tr>\n<td>Piasek Weronika<\/td>\n<td>Tabor Amelia<\/td>\n<td>6\/4<\/td>\n<\/tr>\n<tr>\n<td>Piasek Weronika<\/td>\n<td>Gielniowska Nikola<\/td>\n<td>6\/0<\/td>\n<\/tr>\n<tr>\n<td>Gielniowska Nikola<\/td>\n<td>Tabor Amelia<\/td>\n<td>6\/4<\/td>\n<\/tr>\n<\/tbody>\n<\/table>\n<h5>Grupa D<\/h5>\n<table aria-label=\"Grupa D dziewcz\u0119ta U16\">\n<tbody>\n<tr>\n<td>Wr\u00f3bel Aleksandra<\/td>\n<td>Ko\u0142ton Julia<\/td>\n<td>6\/0<\/td>\n<\/tr>\n<tr>\n<td>Ceglarz Lena<\/td>\n<td>Woszczyk-Rozwadowska Zosia<\/td>\n<td>6\/1<\/td>\n<\/tr>\n<tr>\n<td>Wr\u00f3bel Aleksandra<\/td>\n<td>Ceglarz Lena<\/td>\n<td>7\/5<\/td>\n<\/tr>\n<tr>\n<td>Woszczyk-Rozwadowska Zosia<\/td>\n<td>Ko\u0142ton Julia<\/td>\n<td>6\/4<\/td>\n<\/tr>\n<tr>\n<td>Wr\u00f3bel Aleksandra<\/td>\n<td>Woszczyk-Rozwadowska Zosia<\/td>\n<td>6\/0<\/td>\n<\/tr>\n<tr>\n<td>Ceglarz Lena<\/td>\n<td>Ko\u0142ton Julia<\/td>\n<td>6\/0<\/td>\n<\/tr>\n<\/tbody>\n<\/table>\n<h5>Grupa E<\/h5>\n<table aria-label=\"Grupa E dziewcz\u0119ta U16\">\n<tbody>\n<tr>\n<td>Siek Katarzyna<\/td>\n<td>Krzciuk Paulina<\/td>\n<td>6\/0<\/td>\n<\/tr>\n<tr>\n<td>Szcz\u0119sna Natasza<\/td>\n<td>Matracka Hanna<\/td>\n<td>6\/0<\/td>\n<\/tr>\n<tr>\n<td>Siek Katarzyna<\/td>\n<td>Matracka Hanna<\/td>\n<td>6\/2<\/td>\n<\/tr>\n<tr>\n<td>Szcz\u0119sna Natasza<\/td>\n<td>Krzciuk Paulina<\/td>\n<td>6\/1<\/td>\n<\/tr>\n<tr>\n<td>Szcz\u0119sna Natasza<\/td>\n<td>Siek Katarzyna<\/td>\n<td>6\/1<\/td>\n<\/tr>\n<tr>\n<td>Matracka Hanna<\/td>\n<td>Krzciuk Paulina<\/td>\n<td>6\/4<\/td>\n<\/tr>\n<\/tbody>\n<\/table>\n<h4>Faza pucharowa<\/h4>\n<h5>\u0106wier\u0107fina\u0142y<\/h5>\n<table aria-label=\"\u0106wier\u0107fina\u0142y dziewcz\u0119ta U16\">\n<tbody>\n<tr>\n<td>Gorzelak Zosia<\/td>\n<td>Siek Katarzyna<\/td>\n<td>6\/1<\/td>\n<\/tr>\n<tr>\n<td>Wr\u00f3bel Aleksandra<\/td>\n<td>Szcz\u0119sna Natasza<\/td>\n<td>6\/2<\/td>\n<\/tr>\n<tr>\n<td>Ceglarz Lena<\/td>\n<td>Piasek Weronika<\/td>\n<td>6\/2<\/td>\n<\/tr>\n<tr>\n<td>Korkozowicz Helena<\/td>\n<td>Ostrowska Marysia<\/td>\n<td>6\/2<\/td>\n<\/tr>\n<\/tbody>\n<\/table>\n<h5>P\u00f3\u0142fina\u0142y<\/h5>\n<table aria-label=\"P\u00f3\u0142fina\u0142y dziewcz\u0119ta U16\">\n<tbody>\n<tr>\n<td>Gorzelak Zosia<\/td>\n<td>Wr\u00f3bel Aleksandra<\/td>\n<td>6\/1<\/td>\n<\/tr>\n<tr>\n<td>Korkozowicz Helena<\/td>\n<td>Ceglarz Lena<\/td>\n<td>6\/1<\/td>\n<\/tr>\n<\/tbody>\n<\/table>\n<h5>Fina\u0142<\/h5>\n<table aria-label=\"Fina\u0142 dziewcz\u0119ta U16\">\n<tbody>\n<tr>\n<td><strong>Korkozowicz Helena<\/strong><\/td>\n<td>Gorzelak Zosia<\/td>\n<td>4\/3 4\/1<\/td>\n<\/tr>\n<\/tbody>\n<\/table>\n","protected":false},"excerpt":{"rendered":"<p>CH16 DZ16 Termin: 16.11.2025 Korty: AT Masters Radom \ud83d\udc66 Ch\u0142opcy U16 Faza grupowa Grupa A Gwia\u017adzi\u0144ski Ignacy Sulima Franek 6\/2 Sulima Franek W\u00f3jtowicz Antoni 6\/0 Gwia\u017adzi\u0144ski Ignacy W\u00f3jtowicz Antoni 6\/3 Grupa B Kr\u00f3lak Oskar Kosiec Marcel 6\/0 Kosiec Marcel W\u00f3jcik Kuba 7\/5 Kr\u00f3lak Oskar W\u00f3jcik Kuba 6\/0 Grupa C Sulima Jan Solecki Aleksander 6\/2 Solecki &#8230; <a title=\"Mazowsze Cup U16\" class=\"read-more\" href=\"https:\/\/mc.korty.org\/?page_id=717\" aria-label=\"Read more about Mazowsze Cup U16\">Dowiedz si\u0119 wi\u0119cej<\/a><\/p>\n","protected":false},"author":1,"featured_media":0,"parent":0,"menu_order":0,"comment_status":"closed","ping_status":"closed","template":"","meta":{"footnotes":""},"class_list":["post-717","page","type-page","status-publish"],"yoast_head":"<!-- This site is optimized with the Yoast SEO plugin v23.5 - https:\/\/yoast.com\/wordpress\/plugins\/seo\/ -->\n<title>Mazowsze Cup U16 -<\/title>\n<meta name=\"robots\" content=\"index, follow, max-snippet:-1, max-image-preview:large, max-video-preview:-1\" \/>\n<link rel=\"canonical\" href=\"https:\/\/mc.korty.org\/?page_id=717\" \/>\n<meta property=\"og:locale\" content=\"pl_PL\" \/>\n<meta property=\"og:type\" content=\"article\" \/>\n<meta property=\"og:title\" content=\"Mazowsze Cup U16 -\" \/>\n<meta property=\"og:description\" content=\"CH16 DZ16 Termin: 16.11.2025 Korty: AT Masters Radom \ud83d\udc66 Ch\u0142opcy U16 Faza grupowa Grupa A Gwia\u017adzi\u0144ski Ignacy Sulima Franek 6\/2 Sulima Franek W\u00f3jtowicz Antoni 6\/0 Gwia\u017adzi\u0144ski Ignacy W\u00f3jtowicz Antoni 6\/3 Grupa B Kr\u00f3lak Oskar Kosiec Marcel 6\/0 Kosiec Marcel W\u00f3jcik Kuba 7\/5 Kr\u00f3lak Oskar W\u00f3jcik Kuba 6\/0 Grupa C Sulima Jan Solecki Aleksander 6\/2 Solecki ... Dowiedz si\u0119 wi\u0119cej\" \/>\n<meta property=\"og:url\" content=\"https:\/\/mc.korty.org\/?page_id=717\" \/>\n<meta name=\"twitter:card\" content=\"summary_large_image\" \/>\n<script type=\"application\/ld+json\" class=\"yoast-schema-graph\">{\"@context\":\"https:\/\/schema.org\",\"@graph\":[{\"@type\":\"WebPage\",\"@id\":\"https:\/\/mc.korty.org\/?page_id=717\",\"url\":\"https:\/\/mc.korty.org\/?page_id=717\",\"name\":\"Mazowsze Cup U16 -\",\"isPartOf\":{\"@id\":\"https:\/\/mc.korty.org\/#website\"},\"datePublished\":\"2025-11-18T10:43:40+00:00\",\"dateModified\":\"2025-11-18T10:43:40+00:00\",\"breadcrumb\":{\"@id\":\"https:\/\/mc.korty.org\/?page_id=717#breadcrumb\"},\"inLanguage\":\"pl-PL\",\"potentialAction\":[{\"@type\":\"ReadAction\",\"target\":[\"https:\/\/mc.korty.org\/?page_id=717\"]}]},{\"@type\":\"BreadcrumbList\",\"@id\":\"https:\/\/mc.korty.org\/?page_id=717#breadcrumb\",\"itemListElement\":[{\"@type\":\"ListItem\",\"position\":1,\"name\":\"Strona g\u0142\u00f3wna\",\"item\":\"https:\/\/mc.korty.org\/\"},{\"@type\":\"ListItem\",\"position\":2,\"name\":\"Mazowsze Cup U16\"}]},{\"@type\":\"WebSite\",\"@id\":\"https:\/\/mc.korty.org\/#website\",\"url\":\"https:\/\/mc.korty.org\/\",\"name\":\"\",\"description\":\"\",\"potentialAction\":[{\"@type\":\"SearchAction\",\"target\":{\"@type\":\"EntryPoint\",\"urlTemplate\":\"https:\/\/mc.korty.org\/?s={search_term_string}\"},\"query-input\":{\"@type\":\"PropertyValueSpecification\",\"valueRequired\":true,\"valueName\":\"search_term_string\"}}],\"inLanguage\":\"pl-PL\"}]}<\/script>\n<!-- \/ Yoast SEO plugin. -->","yoast_head_json":{"title":"Mazowsze Cup U16 -","robots":{"index":"index","follow":"follow","max-snippet":"max-snippet:-1","max-image-preview":"max-image-preview:large","max-video-preview":"max-video-preview:-1"},"canonical":"https:\/\/mc.korty.org\/?page_id=717","og_locale":"pl_PL","og_type":"article","og_title":"Mazowsze Cup U16 -","og_description":"CH16 DZ16 Termin: 16.11.2025 Korty: AT Masters Radom \ud83d\udc66 Ch\u0142opcy U16 Faza grupowa Grupa A Gwia\u017adzi\u0144ski Ignacy Sulima Franek 6\/2 Sulima Franek W\u00f3jtowicz Antoni 6\/0 Gwia\u017adzi\u0144ski Ignacy W\u00f3jtowicz Antoni 6\/3 Grupa B Kr\u00f3lak Oskar Kosiec Marcel 6\/0 Kosiec Marcel W\u00f3jcik Kuba 7\/5 Kr\u00f3lak Oskar W\u00f3jcik Kuba 6\/0 Grupa C Sulima Jan Solecki Aleksander 6\/2 Solecki ... Dowiedz si\u0119 wi\u0119cej","og_url":"https:\/\/mc.korty.org\/?page_id=717","twitter_card":"summary_large_image","schema":{"@context":"https:\/\/schema.org","@graph":[{"@type":"WebPage","@id":"https:\/\/mc.korty.org\/?page_id=717","url":"https:\/\/mc.korty.org\/?page_id=717","name":"Mazowsze Cup U16 -","isPartOf":{"@id":"https:\/\/mc.korty.org\/#website"},"datePublished":"2025-11-18T10:43:40+00:00","dateModified":"2025-11-18T10:43:40+00:00","breadcrumb":{"@id":"https:\/\/mc.korty.org\/?page_id=717#breadcrumb"},"inLanguage":"pl-PL","potentialAction":[{"@type":"ReadAction","target":["https:\/\/mc.korty.org\/?page_id=717"]}]},{"@type":"BreadcrumbList","@id":"https:\/\/mc.korty.org\/?page_id=717#breadcrumb","itemListElement":[{"@type":"ListItem","position":1,"name":"Strona g\u0142\u00f3wna","item":"https:\/\/mc.korty.org\/"},{"@type":"ListItem","position":2,"name":"Mazowsze Cup U16"}]},{"@type":"WebSite","@id":"https:\/\/mc.korty.org\/#website","url":"https:\/\/mc.korty.org\/","name":"","description":"","potentialAction":[{"@type":"SearchAction","target":{"@type":"EntryPoint","urlTemplate":"https:\/\/mc.korty.org\/?s={search_term_string}"},"query-input":{"@type":"PropertyValueSpecification","valueRequired":true,"valueName":"search_term_string"}}],"inLanguage":"pl-PL"}]}},"_links":{"self":[{"href":"https:\/\/mc.korty.org\/index.php?rest_route=\/wp\/v2\/pages\/717","targetHints":{"allow":["GET"]}}],"collection":[{"href":"https:\/\/mc.korty.org\/index.php?rest_route=\/wp\/v2\/pages"}],"about":[{"href":"https:\/\/mc.korty.org\/index.php?rest_route=\/wp\/v2\/types\/page"}],"author":[{"embeddable":true,"href":"https:\/\/mc.korty.org\/index.php?rest_route=\/wp\/v2\/users\/1"}],"replies":[{"embeddable":true,"href":"https:\/\/mc.korty.org\/index.php?rest_route=%2Fwp%2Fv2%2Fcomments&post=717"}],"version-history":[{"count":1,"href":"https:\/\/mc.korty.org\/index.php?rest_route=\/wp\/v2\/pages\/717\/revisions"}],"predecessor-version":[{"id":718,"href":"https:\/\/mc.korty.org\/index.php?rest_route=\/wp\/v2\/pages\/717\/revisions\/718"}],"wp:attachment":[{"href":"https:\/\/mc.korty.org\/index.php?rest_route=%2Fwp%2Fv2%2Fmedia&parent=717"}],"curies":[{"name":"wp","href":"https:\/\/api.w.org\/{rel}","templated":true}]}}