{"id":787,"date":"2025-12-15T12:02:12","date_gmt":"2025-12-15T12:02:12","guid":{"rendered":"https:\/\/mc.korty.org\/?page_id=787"},"modified":"2025-12-15T12:03:51","modified_gmt":"2025-12-15T12:03:51","slug":"mazowsze-cup-u12-9","status":"publish","type":"page","link":"https:\/\/mc.korty.org\/?page_id=787","title":{"rendered":"Mazowsze Cup U12"},"content":{"rendered":"<style>\n  .entry-content button,\n  .entry-content .wp-block-button__link {\n    margin-bottom: 2px;\n    display: inline-block;\n  }\n  .h4 { color: brown; }\n<\/style>\n<p><a href=\"#wyniki-chlopcy\"><button>CH12<\/button><\/a> <a href=\"#wyniki-dziewczeta\"><button>DZ12<\/button><\/a><\/p>\n<p><strong>Termin<\/strong>: 13.12.2025<br \/>\n<strong>Korty:<\/strong> Akademia Tenisowa Kozerki<\/p>\n<p><!-- START: Ch\u0142opcy --><\/p>\n<h3 id=\"wyniki-chlopcy\">\ud83d\udc66 Ch\u0142opcy U12<\/h3>\n<h4>Faza grupowa<\/h4>\n<h5>Grupa A<\/h5>\n<table aria-label=\"Grupa A ch\u0142opcy U12\">\n<tbody>\n<tr>\n<td>Sulima Jan<\/td>\n<td>Grzesiak Igor<\/td>\n<td>6\/0<\/td>\n<\/tr>\n<tr>\n<td>Aleksy Kurzawa<\/td>\n<td>Grzesiak Igor<\/td>\n<td>6\/3<\/td>\n<\/tr>\n<tr>\n<td>Sulima Jan<\/td>\n<td>Aleksy Kurzawa<\/td>\n<td>6\/1<\/td>\n<\/tr>\n<\/tbody>\n<\/table>\n<h5>Grupa B<\/h5>\n<table aria-label=\"Grupa B ch\u0142opcy U12\">\n<tbody>\n<tr>\n<td>Pawluk-Jaszczuk Izbor<\/td>\n<td>Mateusz Listwo\u0144<\/td>\n<td>6\/2<\/td>\n<\/tr>\n<tr>\n<td>Krajczewski Franciszek<\/td>\n<td>Mateusz Listwo\u0144<\/td>\n<td>1\/6<\/td>\n<\/tr>\n<tr>\n<td>Pawluk-Jaszczuk Izbor<\/td>\n<td>Krajczewski Franciszek<\/td>\n<td>6\/0<\/td>\n<\/tr>\n<\/tbody>\n<\/table>\n<h5>Grupa C<\/h5>\n<table aria-label=\"Grupa C ch\u0142opcy U12\">\n<tbody>\n<tr>\n<td>\u0141ady\u017cy\u0144ski Wiktor<\/td>\n<td>Waliszewski Hubert<\/td>\n<td>5\/7<\/td>\n<\/tr>\n<tr>\n<td>Wilczak Szymon<\/td>\n<td>Waliszewski Hubert<\/td>\n<td>4\/6<\/td>\n<\/tr>\n<tr>\n<td>\u0141ady\u017cy\u0144ski Wiktor<\/td>\n<td>Wilczak Szymon<\/td>\n<td>7\/5<\/td>\n<\/tr>\n<\/tbody>\n<\/table>\n<h5>Grupa D<\/h5>\n<table aria-label=\"Grupa D ch\u0142opcy U12\">\n<tbody>\n<tr>\n<td>Wicherski Wiktor<\/td>\n<td>P\u0142ocica Mateusz<\/td>\n<td>5\/7<\/td>\n<\/tr>\n<tr>\n<td>Bogu\u015b Ha\u0107<\/td>\n<td>P\u0142ocica Mateusz<\/td>\n<td>6\/2<\/td>\n<\/tr>\n<tr>\n<td>Wicherski Wiktor<\/td>\n<td>Bogu\u015b Ha\u0107<\/td>\n<td>3\/6<\/td>\n<\/tr>\n<\/tbody>\n<\/table>\n<h5>Grupa E<\/h5>\n<table aria-label=\"Grupa E ch\u0142opcy U12\">\n<tbody>\n<tr>\n<td>Borkowski Bruno<\/td>\n<td>Vogtt Krystian<\/td>\n<td>6\/2<\/td>\n<\/tr>\n<tr>\n<td>Krajczewski Jakub<\/td>\n<td>Wo\u017any Miko\u0142aj<\/td>\n<td>6\/1<\/td>\n<\/tr>\n<tr>\n<td>Borkowski Bruno<\/td>\n<td>Wo\u017any Miko\u0142aj<\/td>\n<td>6\/0<\/td>\n<\/tr>\n<tr>\n<td>Krajczewski Jakub<\/td>\n<td>Vogtt Krystian<\/td>\n<td>7\/5<\/td>\n<\/tr>\n<tr>\n<td>Borkowski Bruno<\/td>\n<td>Krajczewski Jakub<\/td>\n<td>6\/4<\/td>\n<\/tr>\n<tr>\n<td>Wo\u017any Miko\u0142aj<\/td>\n<td>Vogtt Krystian<\/td>\n<td>3\/6<\/td>\n<\/tr>\n<\/tbody>\n<\/table>\n<h4>Faza pucharowa<\/h4>\n<h5>\u0106wier\u0107fina\u0142y<\/h5>\n<table aria-label=\"\u0106wier\u0107fina\u0142y ch\u0142opcy U12\">\n<tbody>\n<tr>\n<td>Sulima Jan<\/td>\n<td>\u0141ady\u017cy\u0144ski Wiktor<\/td>\n<td>6\/1<\/td>\n<\/tr>\n<tr>\n<td>Borkowski Bruno<\/td>\n<td>Bogu\u015b Ha\u0107<\/td>\n<td>2\/6<\/td>\n<\/tr>\n<tr>\n<td>Waliszewski Hubert<\/td>\n<td>Mateusz Listwo\u0144<\/td>\n<td>6\/3<\/td>\n<\/tr>\n<tr>\n<td>Pawluk-Jaszczuk Izbor<\/td>\n<td>Krajczewski Jakub<\/td>\n<td>6\/2<\/td>\n<\/tr>\n<\/tbody>\n<\/table>\n<h5>P\u00f3\u0142fina\u0142y<\/h5>\n<table aria-label=\"P\u00f3\u0142fina\u0142y ch\u0142opcy U12\">\n<tbody>\n<tr>\n<td>Sulima Jan<\/td>\n<td>Bogu\u015b Ha\u0107<\/td>\n<td>6\/3<\/td>\n<\/tr>\n<tr>\n<td>Waliszewski Hubert<\/td>\n<td>Pawluk-Jaszczuk Izbor<\/td>\n<td>4\/6<\/td>\n<\/tr>\n<\/tbody>\n<\/table>\n<h5>Fina\u0142<\/h5>\n<table aria-label=\"Fina\u0142 ch\u0142opcy U12\">\n<tbody>\n<tr>\n<td><strong>Sulima Jan<\/strong><\/td>\n<td>Pawluk-Jaszczuk Izbor<\/td>\n<td>6\/2<\/td>\n<\/tr>\n<\/tbody>\n<\/table>\n<p><!-- START: Dziewcz\u0119ta --><\/p>\n<h3 id=\"wyniki-dziewczeta\">\ud83d\udc67 Dziewcz\u0119ta U12<\/h3>\n<h4>Rozgrywki grupowe<\/h4>\n<h5>Grupa A<\/h5>\n<table aria-label=\"Grupa A dziewcz\u0119ta U12\">\n<tbody>\n<tr>\n<td>Aleksander Lilia<\/td>\n<td>Pola Mazurkiewicz<\/td>\n<td>6\/3<\/td>\n<\/tr>\n<tr>\n<td>Gnich Klara<\/td>\n<td>Zofia Dutkiewicz<\/td>\n<td>1\/6<\/td>\n<\/tr>\n<tr>\n<td>Aleksander Lilia<\/td>\n<td>Zofia Dutkiewicz<\/td>\n<td>6\/0<\/td>\n<\/tr>\n<tr>\n<td>Gnich Klara<\/td>\n<td>Pola Mazurkiewicz<\/td>\n<td>3\/6<\/td>\n<\/tr>\n<tr>\n<td>Aleksander Lilia<\/td>\n<td>Gnich Klara<\/td>\n<td>6\/0<\/td>\n<\/tr>\n<tr>\n<td>Zofia Dutkiewicz<\/td>\n<td>Pola Mazurkiewicz<\/td>\n<td>7\/5<\/td>\n<\/tr>\n<\/tbody>\n<\/table>\n<h5>Grupa B<\/h5>\n<table aria-label=\"Grupa B dziewcz\u0119ta U12\">\n<tbody>\n<tr>\n<td>Bluhm Amelia<\/td>\n<td>Helena Sztyk<\/td>\n<td>6\/0<\/td>\n<\/tr>\n<tr>\n<td>Lena Mik\u0142aszewicz<\/td>\n<td>Wiktoria Jaro\u0144<\/td>\n<td>6\/2<\/td>\n<\/tr>\n<tr>\n<td>Bluhm Amelia<\/td>\n<td>Wiktoria Jaro\u0144<\/td>\n<td>6\/0<\/td>\n<\/tr>\n<tr>\n<td>Lena Mik\u0142aszewicz<\/td>\n<td>Helena Sztyk<\/td>\n<td>6\/0<\/td>\n<\/tr>\n<tr>\n<td>Bluhm Amelia<\/td>\n<td>Lena Mik\u0142aszewicz<\/td>\n<td>6\/4<\/td>\n<\/tr>\n<tr>\n<td>Wiktoria Jaro\u0144<\/td>\n<td>Helena Sztyk<\/td>\n<td>6\/0<\/td>\n<\/tr>\n<\/tbody>\n<\/table>\n<h4>Faza pucharowa<\/h4>\n<h5>P\u00f3\u0142fina\u0142y<\/h5>\n<table aria-label=\"P\u00f3\u0142fina\u0142y dziewcz\u0119ta U12\">\n<tbody>\n<tr>\n<td>Aleksander Lilia<\/td>\n<td>Lena Mik\u0142aszewicz<\/td>\n<td>6\/0<\/td>\n<\/tr>\n<tr>\n<td>Zofia Dutkiewicz<\/td>\n<td>Bluhm Amelia<\/td>\n<td>6\/3<\/td>\n<\/tr>\n<\/tbody>\n<\/table>\n<h5>Fina\u0142<\/h5>\n<table aria-label=\"Fina\u0142 dziewcz\u0119ta U12\">\n<tbody>\n<tr>\n<td><strong>Aleksander Lilia<\/strong><\/td>\n<td>Zofia Dutkiewicz<\/td>\n<td>6\/2<\/td>\n<\/tr>\n<\/tbody>\n<\/table>\n","protected":false},"excerpt":{"rendered":"<p>CH12 DZ12 Termin: 13.12.2025 Korty: Akademia Tenisowa Kozerki \ud83d\udc66 Ch\u0142opcy U12 Faza grupowa Grupa A Sulima Jan Grzesiak Igor 6\/0 Aleksy Kurzawa Grzesiak Igor 6\/3 Sulima Jan Aleksy Kurzawa 6\/1 Grupa B Pawluk-Jaszczuk Izbor Mateusz Listwo\u0144 6\/2 Krajczewski Franciszek Mateusz Listwo\u0144 1\/6 Pawluk-Jaszczuk Izbor Krajczewski Franciszek 6\/0 Grupa C \u0141ady\u017cy\u0144ski Wiktor Waliszewski Hubert 5\/7 Wilczak &#8230; <a title=\"Mazowsze Cup U12\" class=\"read-more\" href=\"https:\/\/mc.korty.org\/?page_id=787\" aria-label=\"Read more about Mazowsze Cup U12\">Dowiedz si\u0119 wi\u0119cej<\/a><\/p>\n","protected":false},"author":1,"featured_media":0,"parent":0,"menu_order":0,"comment_status":"closed","ping_status":"closed","template":"","meta":{"footnotes":""},"class_list":["post-787","page","type-page","status-publish"],"yoast_head":"<!-- This site is optimized with the Yoast SEO plugin v23.5 - https:\/\/yoast.com\/wordpress\/plugins\/seo\/ -->\n<title>Mazowsze Cup U12 -<\/title>\n<meta name=\"robots\" content=\"index, follow, max-snippet:-1, max-image-preview:large, max-video-preview:-1\" \/>\n<link rel=\"canonical\" href=\"https:\/\/mc.korty.org\/?page_id=787\" \/>\n<meta property=\"og:locale\" content=\"pl_PL\" \/>\n<meta property=\"og:type\" content=\"article\" \/>\n<meta property=\"og:title\" content=\"Mazowsze Cup U12 -\" \/>\n<meta property=\"og:description\" content=\"CH12 DZ12 Termin: 13.12.2025 Korty: Akademia Tenisowa Kozerki \ud83d\udc66 Ch\u0142opcy U12 Faza grupowa Grupa A Sulima Jan Grzesiak Igor 6\/0 Aleksy Kurzawa Grzesiak Igor 6\/3 Sulima Jan Aleksy Kurzawa 6\/1 Grupa B Pawluk-Jaszczuk Izbor Mateusz Listwo\u0144 6\/2 Krajczewski Franciszek Mateusz Listwo\u0144 1\/6 Pawluk-Jaszczuk Izbor Krajczewski Franciszek 6\/0 Grupa C \u0141ady\u017cy\u0144ski Wiktor Waliszewski Hubert 5\/7 Wilczak ... Dowiedz si\u0119 wi\u0119cej\" \/>\n<meta property=\"og:url\" content=\"https:\/\/mc.korty.org\/?page_id=787\" \/>\n<meta property=\"article:modified_time\" content=\"2025-12-15T12:03:51+00:00\" \/>\n<meta name=\"twitter:card\" content=\"summary_large_image\" \/>\n<meta name=\"twitter:label1\" content=\"Szacowany czas czytania\" \/>\n\t<meta name=\"twitter:data1\" content=\"2 minuty\" \/>\n<script type=\"application\/ld+json\" class=\"yoast-schema-graph\">{\"@context\":\"https:\/\/schema.org\",\"@graph\":[{\"@type\":\"WebPage\",\"@id\":\"https:\/\/mc.korty.org\/?page_id=787\",\"url\":\"https:\/\/mc.korty.org\/?page_id=787\",\"name\":\"Mazowsze Cup U12 -\",\"isPartOf\":{\"@id\":\"https:\/\/mc.korty.org\/#website\"},\"datePublished\":\"2025-12-15T12:02:12+00:00\",\"dateModified\":\"2025-12-15T12:03:51+00:00\",\"breadcrumb\":{\"@id\":\"https:\/\/mc.korty.org\/?page_id=787#breadcrumb\"},\"inLanguage\":\"pl-PL\",\"potentialAction\":[{\"@type\":\"ReadAction\",\"target\":[\"https:\/\/mc.korty.org\/?page_id=787\"]}]},{\"@type\":\"BreadcrumbList\",\"@id\":\"https:\/\/mc.korty.org\/?page_id=787#breadcrumb\",\"itemListElement\":[{\"@type\":\"ListItem\",\"position\":1,\"name\":\"Strona g\u0142\u00f3wna\",\"item\":\"https:\/\/mc.korty.org\/\"},{\"@type\":\"ListItem\",\"position\":2,\"name\":\"Mazowsze Cup U12\"}]},{\"@type\":\"WebSite\",\"@id\":\"https:\/\/mc.korty.org\/#website\",\"url\":\"https:\/\/mc.korty.org\/\",\"name\":\"\",\"description\":\"\",\"potentialAction\":[{\"@type\":\"SearchAction\",\"target\":{\"@type\":\"EntryPoint\",\"urlTemplate\":\"https:\/\/mc.korty.org\/?s={search_term_string}\"},\"query-input\":{\"@type\":\"PropertyValueSpecification\",\"valueRequired\":true,\"valueName\":\"search_term_string\"}}],\"inLanguage\":\"pl-PL\"}]}<\/script>\n<!-- \/ Yoast SEO plugin. -->","yoast_head_json":{"title":"Mazowsze Cup U12 -","robots":{"index":"index","follow":"follow","max-snippet":"max-snippet:-1","max-image-preview":"max-image-preview:large","max-video-preview":"max-video-preview:-1"},"canonical":"https:\/\/mc.korty.org\/?page_id=787","og_locale":"pl_PL","og_type":"article","og_title":"Mazowsze Cup U12 -","og_description":"CH12 DZ12 Termin: 13.12.2025 Korty: Akademia Tenisowa Kozerki \ud83d\udc66 Ch\u0142opcy U12 Faza grupowa Grupa A Sulima Jan Grzesiak Igor 6\/0 Aleksy Kurzawa Grzesiak Igor 6\/3 Sulima Jan Aleksy Kurzawa 6\/1 Grupa B Pawluk-Jaszczuk Izbor Mateusz Listwo\u0144 6\/2 Krajczewski Franciszek Mateusz Listwo\u0144 1\/6 Pawluk-Jaszczuk Izbor Krajczewski Franciszek 6\/0 Grupa C \u0141ady\u017cy\u0144ski Wiktor Waliszewski Hubert 5\/7 Wilczak ... Dowiedz si\u0119 wi\u0119cej","og_url":"https:\/\/mc.korty.org\/?page_id=787","article_modified_time":"2025-12-15T12:03:51+00:00","twitter_card":"summary_large_image","twitter_misc":{"Szacowany czas czytania":"2 minuty"},"schema":{"@context":"https:\/\/schema.org","@graph":[{"@type":"WebPage","@id":"https:\/\/mc.korty.org\/?page_id=787","url":"https:\/\/mc.korty.org\/?page_id=787","name":"Mazowsze Cup U12 -","isPartOf":{"@id":"https:\/\/mc.korty.org\/#website"},"datePublished":"2025-12-15T12:02:12+00:00","dateModified":"2025-12-15T12:03:51+00:00","breadcrumb":{"@id":"https:\/\/mc.korty.org\/?page_id=787#breadcrumb"},"inLanguage":"pl-PL","potentialAction":[{"@type":"ReadAction","target":["https:\/\/mc.korty.org\/?page_id=787"]}]},{"@type":"BreadcrumbList","@id":"https:\/\/mc.korty.org\/?page_id=787#breadcrumb","itemListElement":[{"@type":"ListItem","position":1,"name":"Strona g\u0142\u00f3wna","item":"https:\/\/mc.korty.org\/"},{"@type":"ListItem","position":2,"name":"Mazowsze Cup U12"}]},{"@type":"WebSite","@id":"https:\/\/mc.korty.org\/#website","url":"https:\/\/mc.korty.org\/","name":"","description":"","potentialAction":[{"@type":"SearchAction","target":{"@type":"EntryPoint","urlTemplate":"https:\/\/mc.korty.org\/?s={search_term_string}"},"query-input":{"@type":"PropertyValueSpecification","valueRequired":true,"valueName":"search_term_string"}}],"inLanguage":"pl-PL"}]}},"_links":{"self":[{"href":"https:\/\/mc.korty.org\/index.php?rest_route=\/wp\/v2\/pages\/787","targetHints":{"allow":["GET"]}}],"collection":[{"href":"https:\/\/mc.korty.org\/index.php?rest_route=\/wp\/v2\/pages"}],"about":[{"href":"https:\/\/mc.korty.org\/index.php?rest_route=\/wp\/v2\/types\/page"}],"author":[{"embeddable":true,"href":"https:\/\/mc.korty.org\/index.php?rest_route=\/wp\/v2\/users\/1"}],"replies":[{"embeddable":true,"href":"https:\/\/mc.korty.org\/index.php?rest_route=%2Fwp%2Fv2%2Fcomments&post=787"}],"version-history":[{"count":3,"href":"https:\/\/mc.korty.org\/index.php?rest_route=\/wp\/v2\/pages\/787\/revisions"}],"predecessor-version":[{"id":790,"href":"https:\/\/mc.korty.org\/index.php?rest_route=\/wp\/v2\/pages\/787\/revisions\/790"}],"wp:attachment":[{"href":"https:\/\/mc.korty.org\/index.php?rest_route=%2Fwp%2Fv2%2Fmedia&parent=787"}],"curies":[{"name":"wp","href":"https:\/\/api.w.org\/{rel}","templated":true}]}}